{"id":184,"date":"2023-02-09T18:11:56","date_gmt":"2023-02-09T18:11:56","guid":{"rendered":"https:\/\/tienda.cetys.mx\/?page_id=184"},"modified":"2023-02-09T20:31:22","modified_gmt":"2023-02-09T20:31:22","slug":"medio-maraton-2023","status":"publish","type":"page","link":"https:\/\/tienda.cetys.mx\/en\/eventos-deportivos\/medio-maraton-2023\/","title":{"rendered":"Medio Maraton 2023"},"content":{"rendered":"<p>[et_pb_section fb_built=&#8221;1&#8243; _builder_version=&#8221;4.17.1&#8243; _module_preset=&#8221;default&#8221; background_image=&#8221;http:\/\/tienda.cetys.mx\/wp-content\/uploads\/2023\/02\/MedioMaraton23_WEB_anuncio.jpg&#8221; custom_padding=&#8221;361px||361px||true|false&#8221; global_colors_info=&#8221;{}&#8221;][\/et_pb_section][et_pb_section fb_built=&#8221;1&#8243; _builder_version=&#8221;4.17.1&#8243; _module_preset=&#8221;default&#8221; global_colors_info=&#8221;{}&#8221;][et_pb_row _builder_version=&#8221;4.17.1&#8243; _module_preset=&#8221;default&#8221; global_colors_info=&#8221;{}&#8221;][et_pb_column type=&#8221;4_4&#8243; _builder_version=&#8221;4.17.1&#8243; _module_preset=&#8221;default&#8221; global_colors_info=&#8221;{}&#8221;][et_pb_shop type=&#8221;product_category&#8221; include_categories=&#8221;42&#8243; orderby=&#8221;date&#8221; _builder_version=&#8221;4.17.1&#8243; _module_preset=&#8221;default&#8221; hover_enabled=&#8221;0&#8243; global_colors_info=&#8221;{}&#8221; sticky_enabled=&#8221;0&#8243;][\/et_pb_shop][\/et_pb_column][\/et_pb_row][\/et_pb_section][et_pb_section fb_built=&#8221;1&#8243; _builder_version=&#8221;4.17.1&#8243; _module_preset=&#8221;default&#8221; box_shadow_style=&#8221;preset3&#8243; box_shadow_position=&#8221;inner&#8221; global_colors_info=&#8221;{}&#8221;][et_pb_row _builder_version=&#8221;4.17.1&#8243; _module_preset=&#8221;default&#8221; global_colors_info=&#8221;{}&#8221;][et_pb_column type=&#8221;4_4&#8243; _builder_version=&#8221;4.17.1&#8243; _module_preset=&#8221;default&#8221; global_colors_info=&#8221;{}&#8221;][et_pb_text _builder_version=&#8221;4.17.1&#8243; _module_preset=&#8221;default&#8221; header_font=&#8221;|800|||||||&#8221; header_text_align=&#8221;center&#8221; header_font_size=&#8221;48px&#8221; global_colors_info=&#8221;{}&#8221;]<\/p>\n<h1>Patrocinadores<\/h1>\n<p>[\/et_pb_text][\/et_pb_column][\/et_pb_row][et_pb_row column_structure=&#8221;1_5,1_5,1_5,1_5,1_5&#8243; _builder_version=&#8221;4.17.1&#8243; _module_preset=&#8221;default&#8221; global_colors_info=&#8221;{}&#8221;][et_pb_column type=&#8221;1_5&#8243; _builder_version=&#8221;4.17.1&#8243; _module_preset=&#8221;default&#8221; global_colors_info=&#8221;{}&#8221;][et_pb_image src=&#8221;http:\/\/tienda.cetys.mx\/wp-content\/uploads\/2023\/02\/Logo-Footprint.png&#8221; title_text=&#8221;Logo-Footprint&#8221; align=&#8221;center&#8221; _builder_version=&#8221;4.17.1&#8243; _module_preset=&#8221;default&#8221; global_colors_info=&#8221;{}&#8221;][\/et_pb_image][\/et_pb_column][et_pb_column type=&#8221;1_5&#8243; _builder_version=&#8221;4.17.1&#8243; _module_preset=&#8221;default&#8221; global_colors_info=&#8221;{}&#8221;][et_pb_image src=&#8221;http:\/\/tienda.cetys.mx\/wp-content\/uploads\/2023\/02\/powerade_v2.jpg&#8221; title_text=&#8221;powerade_v2&#8243; align=&#8221;center&#8221; _builder_version=&#8221;4.17.1&#8243; _module_preset=&#8221;default&#8221; global_colors_info=&#8221;{}&#8221;][\/et_pb_image][\/et_pb_column][et_pb_column type=&#8221;1_5&#8243; _builder_version=&#8221;4.17.1&#8243; _module_preset=&#8221;default&#8221; global_colors_info=&#8221;{}&#8221;][et_pb_image src=&#8221;http:\/\/tienda.cetys.mx\/wp-content\/uploads\/2023\/02\/facial-v2.png&#8221; title_text=&#8221;facial-v2&#8243; align=&#8221;center&#8221; _builder_version=&#8221;4.17.1&#8243; _module_preset=&#8221;default&#8221; global_colors_info=&#8221;{}&#8221;][\/et_pb_image][\/et_pb_column][et_pb_column type=&#8221;1_5&#8243; _builder_version=&#8221;4.17.1&#8243; _module_preset=&#8221;default&#8221; global_colors_info=&#8221;{}&#8221;][et_pb_image src=&#8221;http:\/\/tienda.cetys.mx\/wp-content\/uploads\/2023\/02\/logo-IMDECUF.png&#8221; title_text=&#8221;logo-IMDECUF&#8221; align=&#8221;center&#8221; _builder_version=&#8221;4.17.1&#8243; _module_preset=&#8221;default&#8221; global_colors_info=&#8221;{}&#8221;][\/et_pb_image][\/et_pb_column][et_pb_column type=&#8221;1_5&#8243; _builder_version=&#8221;4.17.1&#8243; _module_preset=&#8221;default&#8221; global_colors_info=&#8221;{}&#8221;][et_pb_image src=&#8221;http:\/\/tienda.cetys.mx\/wp-content\/uploads\/2023\/02\/inde-logo.jpg&#8221; title_text=&#8221;inde-logo&#8221; align=&#8221;center&#8221; _builder_version=&#8221;4.17.1&#8243; _module_preset=&#8221;default&#8221; global_colors_info=&#8221;{}&#8221;][\/et_pb_image][\/et_pb_column][\/et_pb_row][et_pb_row column_structure=&#8221;1_5,1_5,1_5,1_5,1_5&#8243; _builder_version=&#8221;4.17.1&#8243; _module_preset=&#8221;default&#8221; global_colors_info=&#8221;{}&#8221;][et_pb_column type=&#8221;1_5&#8243; _builder_version=&#8221;4.17.1&#8243; _module_preset=&#8221;default&#8221; global_colors_info=&#8221;{}&#8221;][et_pb_image src=&#8221;http:\/\/tienda.cetys.mx\/wp-content\/uploads\/2023\/02\/laredo-patro.png&#8221; title_text=&#8221;laredo-patro&#8221; align=&#8221;center&#8221; _builder_version=&#8221;4.17.1&#8243; _module_preset=&#8221;default&#8221; global_colors_info=&#8221;{}&#8221;][\/et_pb_image][\/et_pb_column][et_pb_column type=&#8221;1_5&#8243; _builder_version=&#8221;4.17.1&#8243; _module_preset=&#8221;default&#8221; global_colors_info=&#8221;{}&#8221;][et_pb_image src=&#8221;http:\/\/tienda.cetys.mx\/wp-content\/uploads\/2023\/02\/mexlog-logoxh75.png&#8221; title_text=&#8221;mexlog-logoxh75&#8243; align=&#8221;center&#8221; _builder_version=&#8221;4.17.1&#8243; _module_preset=&#8221;default&#8221; global_colors_info=&#8221;{}&#8221;][\/et_pb_image][\/et_pb_column][et_pb_column type=&#8221;1_5&#8243; _builder_version=&#8221;4.17.1&#8243; _module_preset=&#8221;default&#8221; global_colors_info=&#8221;{}&#8221;][et_pb_image src=&#8221;http:\/\/tienda.cetys.mx\/wp-content\/uploads\/2023\/02\/oam-logo.png&#8221; title_text=&#8221;oam-logo&#8221; align=&#8221;center&#8221; _builder_version=&#8221;4.17.1&#8243; _module_preset=&#8221;default&#8221; global_colors_info=&#8221;{}&#8221;][\/et_pb_image][\/et_pb_column][et_pb_column type=&#8221;1_5&#8243; _builder_version=&#8221;4.17.1&#8243; _module_preset=&#8221;default&#8221; global_colors_info=&#8221;{}&#8221;][et_pb_image src=&#8221;http:\/\/tienda.cetys.mx\/wp-content\/uploads\/2023\/02\/logo-cadena-h75.png&#8221; title_text=&#8221;logo-cadena-h75&#8243; align=&#8221;center&#8221; _builder_version=&#8221;4.17.1&#8243; _module_preset=&#8221;default&#8221; global_colors_info=&#8221;{}&#8221;][\/et_pb_image][\/et_pb_column][et_pb_column type=&#8221;1_5&#8243; _builder_version=&#8221;4.17.1&#8243; _module_preset=&#8221;default&#8221; global_colors_info=&#8221;{}&#8221;][et_pb_image src=&#8221;http:\/\/tienda.cetys.mx\/wp-content\/uploads\/2023\/02\/logo-proconsa-h75.png&#8221; title_text=&#8221;logo-proconsa-h75&#8243; align=&#8221;center&#8221; _builder_version=&#8221;4.17.1&#8243; _module_preset=&#8221;default&#8221; global_colors_info=&#8221;{}&#8221;][\/et_pb_image][\/et_pb_column][\/et_pb_row][\/et_pb_section][et_pb_section fb_built=&#8221;1&#8243; _builder_version=&#8221;4.17.1&#8243; _module_preset=&#8221;default&#8221; background_color=&#8221;#f7dd2c&#8221; box_shadow_style=&#8221;preset3&#8243; box_shadow_position=&#8221;inner&#8221; global_colors_info=&#8221;{}&#8221;][et_pb_row _builder_version=&#8221;4.17.1&#8243; _module_preset=&#8221;default&#8221; global_colors_info=&#8221;{}&#8221;][et_pb_column type=&#8221;4_4&#8243; _builder_version=&#8221;4.17.1&#8243; _module_preset=&#8221;default&#8221; global_colors_info=&#8221;{}&#8221;][et_pb_text _builder_version=&#8221;4.17.1&#8243; _module_preset=&#8221;default&#8221; header_font=&#8221;|800|||||||&#8221; header_text_align=&#8221;center&#8221; header_font_size=&#8221;48px&#8221; global_colors_info=&#8221;{}&#8221;]<\/p>\n<h1>RUTA<\/h1>\n<p>[\/et_pb_text][\/et_pb_column][\/et_pb_row][et_pb_row _builder_version=&#8221;4.17.1&#8243; _module_preset=&#8221;default&#8221; global_colors_info=&#8221;{}&#8221;][et_pb_column type=&#8221;4_4&#8243; _builder_version=&#8221;4.17.1&#8243; _module_preset=&#8221;default&#8221; global_colors_info=&#8221;{}&#8221;][et_pb_video src=&#8221;https:\/\/youtu.be\/rjW8L6psp7s&#8221; _builder_version=&#8221;4.17.1&#8243; _module_preset=&#8221;default&#8221; global_colors_info=&#8221;{}&#8221;][\/et_pb_video][\/et_pb_column][\/et_pb_row][et_pb_row _builder_version=&#8221;4.17.1&#8243; _module_preset=&#8221;default&#8221; global_colors_info=&#8221;{}&#8221;][et_pb_column type=&#8221;4_4&#8243; _builder_version=&#8221;4.17.1&#8243; _module_preset=&#8221;default&#8221; global_colors_info=&#8221;{}&#8221;][et_pb_image src=&#8221;http:\/\/tienda.cetys.mx\/wp-content\/uploads\/2023\/02\/MedioMaraton2023.jpg&#8221; title_text=&#8221;MedioMaraton23_Volante_01&#8243; _builder_version=&#8221;4.17.1&#8243; _module_preset=&#8221;default&#8221; global_colors_info=&#8221;{}&#8221;][\/et_pb_image][\/et_pb_column][\/et_pb_row][\/et_pb_section][et_pb_section fb_built=&#8221;1&#8243; _builder_version=&#8221;4.17.1&#8243; _module_preset=&#8221;default&#8221; box_shadow_style=&#8221;preset3&#8243; box_shadow_position=&#8221;inner&#8221; global_colors_info=&#8221;{}&#8221;][et_pb_row _builder_version=&#8221;4.17.1&#8243; _module_preset=&#8221;default&#8221; global_colors_info=&#8221;{}&#8221;][et_pb_column type=&#8221;4_4&#8243; _builder_version=&#8221;4.17.1&#8243; _module_preset=&#8221;default&#8221; global_colors_info=&#8221;{}&#8221;][et_pb_text _builder_version=&#8221;4.17.1&#8243; _module_preset=&#8221;default&#8221; header_font=&#8221;|800|||||||&#8221; header_text_align=&#8221;center&#8221; header_font_size=&#8221;48px&#8221; global_colors_info=&#8221;{}&#8221;]<\/p>\n<h1>BASES<\/h1>\n<p>[\/et_pb_text][\/et_pb_column][\/et_pb_row][et_pb_row _builder_version=&#8221;4.17.1&#8243; _module_preset=&#8221;default&#8221; global_colors_info=&#8221;{}&#8221;][et_pb_column type=&#8221;4_4&#8243; _builder_version=&#8221;4.17.1&#8243; _module_preset=&#8221;default&#8221; global_colors_info=&#8221;{}&#8221;][et_pb_text _builder_version=&#8221;4.17.1&#8243; _module_preset=&#8221;default&#8221; global_colors_info=&#8221;{}&#8221;]<\/p>\n<p><strong>1.- Lugar y Fecha:<\/strong><span>\u00a0<\/span>La salida de la carrera se efectuar\u00e1 el domingo 12 de febrero frente al estadio de f\u00fatbol americano de CETYS Universidad.<\/p>\n<p><strong>2.- Hora de Salida:<\/strong><\/p>\n<p><strong>Medio Marat\u00f3n 7:30 a.m.<\/strong><br \/><strong>10K 7:40 a.m.<\/strong><\/p>\n<p><strong>3.- Distancia, ramas y categor\u00edas:<\/strong><\/p>\n<h4><strong>Medio Marat\u00f3n 21,097.5 metros<\/strong><\/h4>\n<table class=\"table\" width=\"800\" border=\"2\" cellspacing=\"2\" cellpadding=\"10\">\n<tbody>\n<tr>\n<td align=\"left\" valign=\"top\">\n<p><strong><u>Femenil<\/u><\/strong><\/p>\n<p><strong>Comunidad Cetys: Alumnos<span>\u00a0<\/span><\/strong>(categor\u00eda \u00fanica),<span>\u00a0<\/span><strong>Egresados<\/strong><span>\u00a0<\/span>(categor\u00eda \u00fanica) y<span>\u00a0<\/span><strong>Empleados<span>\u00a0<\/span><\/strong>(categor\u00eda \u00fanica).<\/p>\n<p><strong>General:<\/strong><span>\u00a0<\/span>18-24 a\u00f1os, 25-29 a\u00f1os, 30-34 a\u00f1os, 35-39 a\u00f1os, 40-44 a\u00f1os, 45-49 a\u00f1os, 50-54 a\u00f1os, 55 a\u00f1os y m\u00e1s. \u00a0<\/p>\n<\/td>\n<td align=\"left\" valign=\"top\">\n<p><strong><u>Varonil<\/u><\/strong><\/p>\n<p><strong>Comunidad Cetys: Alumnos (<\/strong>categor\u00eda \u00fanica),<span>\u00a0<\/span><strong>Egresados<\/strong><span>\u00a0<\/span>(categor\u00eda \u00fanica) y<span>\u00a0<\/span><strong>Empleados<span>\u00a0<\/span><\/strong>(categor\u00eda \u00fanica).<\/p>\n<p><strong>General<\/strong>: 18-24 a\u00f1os, 25-29 a\u00f1os, 30-34 a\u00f1os, 35-39 a\u00f1os, 40-44 a\u00f1os, 45-49 a\u00f1os, 50-54 a\u00f1os, 55-59 a\u00f1os, 60-64 a\u00f1os, 65 a\u00f1os y m\u00e1s.<\/p>\n<\/td>\n<\/tr>\n<tr>\n<td align=\"left\" valign=\"top\">\n<p><strong>Silla de ruedas<\/strong><span>\u00a0<\/span>(categor\u00eda \u00fanica).<\/p>\n<\/td>\n<td align=\"left\" valign=\"top\">\n<p><strong>Deportistas especiales<\/strong><span>\u00a0<\/span>(categor\u00eda \u00fanica)<\/p>\n<\/td>\n<\/tr>\n<\/tbody>\n<\/table>\n<p>&nbsp;<\/p>\n<h4><strong>10K<\/strong><\/h4>\n<table class=\"table\" width=\"800\" border=\"2\" cellspacing=\"2\" cellpadding=\"10\">\n<tbody>\n<tr>\n<td>\n<p><strong><u>Femenil\u00a0\u00a0\u00a0\u00a0<\/u><\/strong><br \/><strong>Comunidad Cetys: Alumnos<\/strong><span>\u00a0<\/span>(categor\u00eda \u00fanica),<span>\u00a0<\/span><strong>Egresados<\/strong><span>\u00a0<\/span>(categor\u00eda \u00fanica) y<span>\u00a0<\/span><strong>Empleados<span>\u00a0<\/span><\/strong>(categor\u00eda \u00fanica).<\/p>\n<p><strong>General:<\/strong><span>\u00a0<\/span>14-16 a\u00f1os, 17-19 a\u00f1os, 20-24 a\u00f1os, 25-29 a\u00f1os, 30-34 a\u00f1os, 35-39 a\u00f1os, 40-44 a\u00f1os, 45-49 a\u00f1os, 50-54 a\u00f1os, 55 a\u00f1os y m\u00e1s.\u00a0<\/p>\n<\/td>\n<td>\n<p><strong><u>Varonil<\/u><\/strong><br \/><strong>Comunidad Cetys:<\/strong><span>\u00a0<\/span><strong>Alumnos (<\/strong>categor\u00eda \u00fanica),<span>\u00a0<\/span><strong>Egresados<\/strong><span>\u00a0<\/span>(categor\u00eda \u00fanica) y<span>\u00a0<\/span><strong>Empleados<span>\u00a0<\/span><\/strong>(categor\u00eda \u00fanica).<\/p>\n<p><strong>General:<\/strong><span>\u00a0<\/span>14-16 a\u00f1os, 17-19 a\u00f1os, 20-24 a\u00f1os, 25-29 a\u00f1os, 30-34 a\u00f1os, 35-39 a\u00f1os, 40-44 a\u00f1os, 45-49 a\u00f1os, 50-54 a\u00f1os, 55-59 a\u00f1os, 60-64 a\u00f1os, 65 a\u00f1os y m\u00e1s.<\/p>\n<\/td>\n<\/tr>\n<\/tbody>\n<\/table>\n<p><strong>4.- Inscripciones:<\/strong><\/p>\n<p>Por internet en la p\u00e1gina \u00a0<a href=\"http:\/\/www.cetys.mx\/mediomaratoncetys\">www.cetys.mx\/mediomaratoncetys<\/a><br \/>Quedan abiertas a partir de la publicaci\u00f3n de la convocatoria, cerr\u00e1ndose a las 18:00 horas del viernes 10 de febrero del 2023 \u00f3 agotar inscripciones.<strong><\/strong><\/p>\n<p><strong>El d\u00eda del evento NO habr\u00e1 inscripciones, ni entrega de n\u00fameros.<\/strong><\/p>\n<p><strong>5.- Costo de inscripci\u00f3n<\/strong><\/p>\n<p>Las inscripciones tendr\u00e1n un costo de $300.00 pesos (+ IVA o comisi\u00f3n).<br \/><strong>*Es obligatorio presentar comprobante de pago al momento de recoger su paquete de competidor.<a name=\"s4\"><\/a><\/strong><\/p>\n<p><strong>6.- \u00a0Entrega de paquete de competidor<\/strong><strong>:<\/strong><br \/>El paquete del corredor incluye: n\u00famero de competencia, playera conmemorativa del evento, bandana, morral, medalla para los que finalicen y chip electr\u00f3nico.<br \/>La entrega de los paquetes se realizar\u00e1 el d\u00eda s\u00e1bado 11 de febrero con horario de 9:00 a 18:00 horas en el p\u00f3rtico del Gimnasio de Basquetbol de Ce<a name=\"s6\"><\/a>tys Universidad Campus Mexicali.<br \/><strong>*Es obligatorio que el titular de la inscripci\u00f3n recoja su paquete y presente identificaci\u00f3n oficial con fotograf\u00eda.<\/strong><\/p>\n<p><strong>7.- Vialidad y protecci\u00f3n:<\/strong><br \/>Direcci\u00f3n de Seguridad P\u00fablica Municipal.<a name=\"s7\"><\/a><\/p>\n<p><strong>8.- Premiaci\u00f3n<\/strong><strong>:<\/strong><br \/>El tiempo l\u00edmite de competencia es de tres horas para el medio marat\u00f3n y de dos horas para 10K, para efecto de la premiaci\u00f3n y beneficios de la competencia.<br \/>Se premiar\u00e1 con trofeo a los 3 primeros lugares de cada categor\u00eda y rama y, a todos los participantes con medalla conmemorativa al evento, en medio marat\u00f3n y 10K.<\/p>\n<table class=\"table\" width=\"800\" border=\"2\" cellspacing=\"2\" cellpadding=\"10\">\n<tbody>\n<tr>\n<td align=\"left\" valign=\"top\">\n<p><strong>Medio Marat\u00f3n ambas ramas<\/strong><br \/>1er lugar general: $20,000.00 (veinte mil pesos)<br \/>2do lugar general: $10,000.00 (diez mil pesos)<br \/>3er lugar general: $5,000.00 (cinco mil pesos)<\/p>\n<\/td>\n<td align=\"left\" valign=\"top\">\n<p><strong>Mejor mexicalense ambas ramas<\/strong><br \/>1er lugar: $7,500.00 (siete mil quinientos pesos)<\/p>\n<\/td>\n<\/tr>\n<tr>\n<td align=\"left\" valign=\"top\">\n<p><strong>Deportistas especiales categor\u00eda \u00fanica<\/strong><br \/>1er lugar: $4,000.00 (cuatro mil pesos)<br \/>2do lugar: $3,000.00 (tres mil pesos)<br \/>3er lugar: $2,000.00 (dos mil pesos)<\/p>\n<\/td>\n<td align=\"left\" valign=\"top\">\n<p><strong>Silla de Ruedas categor\u00eda \u00fanica<\/strong><br \/>1er lugar: $4,000.00 (cuatro mil pesos)<br \/>2do lugar: $3,000.00 (tres mil pesos)<br \/>3er lugar: $2,000.00 (dos mil pesos)<\/p>\n<\/td>\n<\/tr>\n<\/tbody>\n<\/table>\n<p><strong>Nota:<\/strong><span>\u00a0<\/span>Para validar el premio al mejor mexicalense se deber\u00e1 presentar identificaci\u00f3n oficial (IFE, pasaporte mexicano, visa) y acta de nacimiento.<br \/>La premiaci\u00f3n se llevar\u00e1 a cabo a las 11:00 hrs.<\/p>\n<p><strong>10K ambas ramas<\/strong><br \/>1er lugar general: $3,000.00 (tres mil pesos)<br \/>2do lugar general: $2,000.00 (dos mil pesos)<br \/>3er lugar general: $1,000.00 (mil pesos)<\/p>\n<p><strong>9. &#8211; Abastecimiento y servicio m\u00e9dico:<\/strong><br \/>CETYS Universidad<\/p>\n<ul>\n<li>Para medio marat\u00f3n habr\u00e1 agua y naranjas cada 3 km.<\/li>\n<li>Para 10K los abastecimientos estar\u00e1n ubicados en los kil\u00f3metros: 2, 4, 6, 8 y meta.<\/li>\n<li>Recomendamos aplicarte un ex\u00e1men m\u00e9dico antes de la carrera, dado que el estado de salud de los competidores es solo responsabilidad de cada corredor y no del comit\u00e9 organizador por considerarse riesgo deportivo.<\/li>\n<li>Se contar\u00e1 con ambulancia y servicio m\u00e9dico durante el recorrido.<\/li>\n<\/ul>\n<p><strong>10.- Riesgo deportivo:<span>\u00a0<\/span><\/strong>La instituci\u00f3n no se hace responsable por cualquier da\u00f1o que pudiera sufrir el atleta en forma directa o indirecta, antes durante y despu\u00e9s de la competencia.<\/p>\n<p><strong>11.- Reglamento:<span>\u00a0<\/span><\/strong>Ser\u00e1 el vigente de la Federaci\u00f3n Mexicana de Atletismo.<\/p>\n<p><strong>12.- Jueces:<span>\u00a0<\/span><\/strong>Ser\u00e1n designados por el Comit\u00e9 Organizador y sus fallos ser\u00e1n inapelables.<\/p>\n<p><strong>13.- Transitorios:<\/strong><span>\u00a0<\/span>Los puntos no previstos en la presente convocatoria ser\u00e1n resueltos por el Comit\u00e9 Organizador.<br \/><strong>Para mayores Informes:<span>\u00a0<\/span><\/strong>Podr\u00e1n solicitarse directamente al Departamento de Bienestar Integral de Cetys Universidad, Campus Mexicali con: Mois\u00e9s L\u00f3pez Pacheco (<a href=\"mailto:moises.lopez@cetys.mx\">moises.lopez@cetys.mx<\/a>), Fernanda Mart\u00ednez Gallego (<a href=\"mailto:fernanda.martinez@cetys.mx\">fernanda.martinez@cetys.mx<\/a>), a los tel\u00e9fonos: (686) 567-37-00, ext. 1513 y 1713, en la p\u00e1gina oficial del medio marat\u00f3n<span>\u00a0<\/span><a href=\"http:\/\/www.cetys.mx\/mediomaratoncetys\">www.cetys.mx\/mediomaratoncetys<\/a><span>\u00a0<\/span>o en la cuenta de @Facebook: Medio Marat\u00f3n Cetys Universidad.\u00a0\u00a0\u00a0<\/p>\n<p>[\/et_pb_text][\/et_pb_column][\/et_pb_row][\/et_pb_section]<\/p>\n","protected":false},"excerpt":{"rendered":"<p>PatrocinadoresRUTABASES1.- Lugar y Fecha:\u00a0La salida de la carrera se efectuar\u00e1 el domingo 12 de febrero frente al estadio de f\u00fatbol americano de CETYS Universidad. 2.- Hora de Salida: Medio Marat\u00f3n [&hellip;]<\/p>\n","protected":false},"author":2,"featured_media":0,"parent":179,"menu_order":0,"comment_status":"closed","ping_status":"closed","template":"","meta":{"_et_pb_use_builder":"on","_et_pb_old_content":"","_et_gb_content_width":"","_price":"","_stock":"","_tribe_ticket_header":"","_tribe_default_ticket_provider":"","_ticket_start_date":"","_ticket_end_date":"","_tribe_ticket_show_description":"","_tribe_ticket_show_not_going":false,"_tribe_ticket_use_global_stock":"","_tribe_ticket_global_stock_level":"","_global_stock_mode":"","_global_stock_cap":"","_tribe_rsvp_for_event":"","_tribe_ticket_going_count":"","_tribe_ticket_not_going_count":"","_tribe_tickets_list":"[]","_tribe_ticket_has_attendee_info_fields":false,"footnotes":"","_tec_slr_enabled":"","_tec_slr_layout":"","_links_to":"","_links_to_target":""},"class_list":["post-184","page","type-page","status-publish","hentry"],"yoast_head":"<!-- This site is optimized with the Yoast SEO plugin v27.0 - https:\/\/yoast.com\/product\/yoast-seo-wordpress\/ -->\n<title>Medio Maraton 2023 - Tienda CETYS<\/title>\n<meta name=\"robots\" content=\"index, follow, max-snippet:-1, max-image-preview:large, max-video-preview:-1\" \/>\n<link rel=\"canonical\" href=\"https:\/\/tienda.cetys.mx\/en\/eventos-deportivos\/medio-maraton-2023\/\" \/>\n<meta property=\"og:locale\" content=\"en_US\" \/>\n<meta property=\"og:type\" content=\"article\" \/>\n<meta property=\"og:title\" content=\"Medio Maraton 2023 - Tienda CETYS\" \/>\n<meta property=\"og:description\" content=\"PatrocinadoresRUTABASES1.- Lugar y Fecha:\u00a0La salida de la carrera se efectuar\u00e1 el domingo 12 de febrero frente al estadio de f\u00fatbol americano de CETYS Universidad. 2.- Hora de Salida: Medio Marat\u00f3n [&hellip;]\" \/>\n<meta property=\"og:url\" content=\"https:\/\/tienda.cetys.mx\/en\/eventos-deportivos\/medio-maraton-2023\/\" \/>\n<meta property=\"og:site_name\" content=\"Tienda CETYS\" \/>\n<meta property=\"article:modified_time\" content=\"2023-02-09T20:31:22+00:00\" \/>\n<meta name=\"twitter:card\" content=\"summary_large_image\" \/>\n<script type=\"application\/ld+json\" class=\"yoast-schema-graph\">{\"@context\":\"https:\/\/schema.org\",\"@graph\":[{\"@type\":\"WebPage\",\"@id\":\"https:\/\/tienda.cetys.mx\/eventos-deportivos\/medio-maraton-2023\/\",\"url\":\"https:\/\/tienda.cetys.mx\/eventos-deportivos\/medio-maraton-2023\/\",\"name\":\"Medio Maraton 2023 - Tienda CETYS\",\"isPartOf\":{\"@id\":\"https:\/\/tienda.cetys.mx\/#website\"},\"datePublished\":\"2023-02-09T18:11:56+00:00\",\"dateModified\":\"2023-02-09T20:31:22+00:00\",\"breadcrumb\":{\"@id\":\"https:\/\/tienda.cetys.mx\/eventos-deportivos\/medio-maraton-2023\/#breadcrumb\"},\"inLanguage\":\"en-US\",\"potentialAction\":[{\"@type\":\"ReadAction\",\"target\":[\"https:\/\/tienda.cetys.mx\/eventos-deportivos\/medio-maraton-2023\/\"]}]},{\"@type\":\"BreadcrumbList\",\"@id\":\"https:\/\/tienda.cetys.mx\/eventos-deportivos\/medio-maraton-2023\/#breadcrumb\",\"itemListElement\":[{\"@type\":\"ListItem\",\"position\":1,\"name\":\"Home\",\"item\":\"https:\/\/tienda.cetys.mx\/\"},{\"@type\":\"ListItem\",\"position\":2,\"name\":\"Eventos Deportivos\",\"item\":\"https:\/\/tienda.cetys.mx\/eventos-deportivos\/\"},{\"@type\":\"ListItem\",\"position\":3,\"name\":\"Medio Maraton 2023\"}]},{\"@type\":\"WebSite\",\"@id\":\"https:\/\/tienda.cetys.mx\/#website\",\"url\":\"https:\/\/tienda.cetys.mx\/\",\"name\":\"Tienda CETYS\",\"description\":\"\",\"potentialAction\":[{\"@type\":\"SearchAction\",\"target\":{\"@type\":\"EntryPoint\",\"urlTemplate\":\"https:\/\/tienda.cetys.mx\/?s={search_term_string}\"},\"query-input\":{\"@type\":\"PropertyValueSpecification\",\"valueRequired\":true,\"valueName\":\"search_term_string\"}}],\"inLanguage\":\"en-US\"}]}<\/script>\n<!-- \/ Yoast SEO plugin. -->","yoast_head_json":{"title":"Medio Maraton 2023 - Tienda CETYS","robots":{"index":"index","follow":"follow","max-snippet":"max-snippet:-1","max-image-preview":"max-image-preview:large","max-video-preview":"max-video-preview:-1"},"canonical":"https:\/\/tienda.cetys.mx\/en\/eventos-deportivos\/medio-maraton-2023\/","og_locale":"en_US","og_type":"article","og_title":"Medio Maraton 2023 - Tienda CETYS","og_description":"PatrocinadoresRUTABASES1.- Lugar y Fecha:\u00a0La salida de la carrera se efectuar\u00e1 el domingo 12 de febrero frente al estadio de f\u00fatbol americano de CETYS Universidad. 2.- Hora de Salida: Medio Marat\u00f3n [&hellip;]","og_url":"https:\/\/tienda.cetys.mx\/en\/eventos-deportivos\/medio-maraton-2023\/","og_site_name":"Tienda CETYS","article_modified_time":"2023-02-09T20:31:22+00:00","twitter_card":"summary_large_image","schema":{"@context":"https:\/\/schema.org","@graph":[{"@type":"WebPage","@id":"https:\/\/tienda.cetys.mx\/eventos-deportivos\/medio-maraton-2023\/","url":"https:\/\/tienda.cetys.mx\/eventos-deportivos\/medio-maraton-2023\/","name":"Medio Maraton 2023 - Tienda CETYS","isPartOf":{"@id":"https:\/\/tienda.cetys.mx\/#website"},"datePublished":"2023-02-09T18:11:56+00:00","dateModified":"2023-02-09T20:31:22+00:00","breadcrumb":{"@id":"https:\/\/tienda.cetys.mx\/eventos-deportivos\/medio-maraton-2023\/#breadcrumb"},"inLanguage":"en-US","potentialAction":[{"@type":"ReadAction","target":["https:\/\/tienda.cetys.mx\/eventos-deportivos\/medio-maraton-2023\/"]}]},{"@type":"BreadcrumbList","@id":"https:\/\/tienda.cetys.mx\/eventos-deportivos\/medio-maraton-2023\/#breadcrumb","itemListElement":[{"@type":"ListItem","position":1,"name":"Home","item":"https:\/\/tienda.cetys.mx\/"},{"@type":"ListItem","position":2,"name":"Eventos Deportivos","item":"https:\/\/tienda.cetys.mx\/eventos-deportivos\/"},{"@type":"ListItem","position":3,"name":"Medio Maraton 2023"}]},{"@type":"WebSite","@id":"https:\/\/tienda.cetys.mx\/#website","url":"https:\/\/tienda.cetys.mx\/","name":"Tienda CETYS","description":"","potentialAction":[{"@type":"SearchAction","target":{"@type":"EntryPoint","urlTemplate":"https:\/\/tienda.cetys.mx\/?s={search_term_string}"},"query-input":{"@type":"PropertyValueSpecification","valueRequired":true,"valueName":"search_term_string"}}],"inLanguage":"en-US"}]}},"jetpack_sharing_enabled":true,"ticketed":false,"_links":{"self":[{"href":"https:\/\/tienda.cetys.mx\/en\/wp-json\/wp\/v2\/pages\/184","targetHints":{"allow":["GET"]}}],"collection":[{"href":"https:\/\/tienda.cetys.mx\/en\/wp-json\/wp\/v2\/pages"}],"about":[{"href":"https:\/\/tienda.cetys.mx\/en\/wp-json\/wp\/v2\/types\/page"}],"author":[{"embeddable":true,"href":"https:\/\/tienda.cetys.mx\/en\/wp-json\/wp\/v2\/users\/2"}],"replies":[{"embeddable":true,"href":"https:\/\/tienda.cetys.mx\/en\/wp-json\/wp\/v2\/comments?post=184"}],"version-history":[{"count":4,"href":"https:\/\/tienda.cetys.mx\/en\/wp-json\/wp\/v2\/pages\/184\/revisions"}],"predecessor-version":[{"id":209,"href":"https:\/\/tienda.cetys.mx\/en\/wp-json\/wp\/v2\/pages\/184\/revisions\/209"}],"up":[{"embeddable":true,"href":"https:\/\/tienda.cetys.mx\/en\/wp-json\/wp\/v2\/pages\/179"}],"wp:attachment":[{"href":"https:\/\/tienda.cetys.mx\/en\/wp-json\/wp\/v2\/media?parent=184"}],"curies":[{"name":"wp","href":"https:\/\/api.w.org\/{rel}","templated":true}]}}